{"id":507,"date":"2026-08-08T14:23:20","date_gmt":"2026-08-08T14:23:20","guid":{"rendered":"https:\/\/ferenczbutor.hu\/?page_id=507"},"modified":"2026-08-08T14:24:11","modified_gmt":"2026-08-08T14:24:11","slug":"blog","status":"publish","type":"page","link":"https:\/\/ferenczbutor.hu\/index.php\/blog\/","title":{"rendered":"Blog"},"content":{"rendered":"\t\t<div data-elementor-type=\"wp-page\" data-elementor-id=\"507\" class=\"elementor elementor-507\" data-elementor-post-type=\"page\">\n\t\t\t\t<div class=\"elementor-element elementor-element-2be60611 e-con-full e-flex e-con e-parent\" data-id=\"2be60611\" data-element_type=\"container\" data-settings=\"{&quot;background_background&quot;:&quot;classic&quot;}\">\n\t\t<div class=\"elementor-element elementor-element-5ee04763 e-flex e-con-boxed e-con e-child\" data-id=\"5ee04763\" data-element_type=\"container\">\n\t\t\t\t\t<div class=\"e-con-inner\">\n\t\t\t\t<div class=\"elementor-element elementor-element-28b909c1 elementor-widget elementor-widget-heading\" data-id=\"28b909c1\" data-element_type=\"widget\" data-widget_type=\"heading.default\">\n\t\t\t\t\t<h6 class=\"elementor-heading-title elementor-size-default\">Ferencz B\u00fator blog<\/h6>\t\t\t\t<\/div>\n\t\t\t\t<div class=\"elementor-element elementor-element-68385f0f ketoldali-cimsor-vonal elementor-widget elementor-widget-heading\" data-id=\"68385f0f\" data-element_type=\"widget\" data-widget_type=\"heading.default\">\n\t\t\t\t\t<h1 class=\"elementor-heading-title elementor-size-default\">Cikkek, \u00f6tletek \u00e9s \u00fatmutat\u00f3k<\/h1>\t\t\t\t<\/div>\n\t\t\t\t<div class=\"elementor-element elementor-element-14fdccee elementor-widget elementor-widget-text-editor\" data-id=\"14fdccee\" data-element_type=\"widget\" data-widget_type=\"text-editor.default\">\n\t\t\t\t\t\t\t\t\t<p>T\u00e1rol\u00e1si tippek, tervez\u00e9si tan\u00e1csok \u00e9s inspir\u00e1ci\u00f3 az egyedi b\u00fatorok vil\u00e1g\u00e1b\u00f3l \u2013 hogy a te otthonod is a hely\u00e9re ker\u00fclj\u00f6n.<\/p>\t\t\t\t\t\t\t\t<\/div>\n\t\t\t\t\t<\/div>\n\t\t\t\t<\/div>\n\t\t\t\t<\/div>\n\t\t<div class=\"elementor-element elementor-element-12dac3c6 e-con-full e-flex e-con e-parent\" data-id=\"12dac3c6\" data-element_type=\"container\" data-settings=\"{&quot;background_background&quot;:&quot;classic&quot;}\">\n\t\t<div class=\"elementor-element elementor-element-78d70844 e-flex e-con-boxed e-con e-child\" data-id=\"78d70844\" data-element_type=\"container\">\n\t\t\t\t\t<div class=\"e-con-inner\">\n\t\t\t\t<div class=\"elementor-element elementor-element-7fe15d51 elementor-grid-3 elementor-grid-tablet-2 elementor-grid-mobile-1 elementor-posts--thumbnail-top elementor-widget elementor-widget-posts\" data-id=\"7fe15d51\" data-element_type=\"widget\" data-settings=\"{&quot;classic_row_gap&quot;:{&quot;unit&quot;:&quot;px&quot;,&quot;size&quot;:40,&quot;sizes&quot;:[]},&quot;pagination_type&quot;:&quot;numbers&quot;,&quot;classic_columns&quot;:&quot;3&quot;,&quot;classic_columns_tablet&quot;:&quot;2&quot;,&quot;classic_columns_mobile&quot;:&quot;1&quot;,&quot;classic_row_gap_tablet&quot;:{&quot;unit&quot;:&quot;px&quot;,&quot;size&quot;:&quot;&quot;,&quot;sizes&quot;:[]},&quot;classic_row_gap_mobile&quot;:{&quot;unit&quot;:&quot;px&quot;,&quot;size&quot;:&quot;&quot;,&quot;sizes&quot;:[]}}\" data-widget_type=\"posts.classic\">\n\t\t\t\t<div class=\"elementor-widget-container\">\n\t\t\t\t\t\t\t<div class=\"elementor-posts-container elementor-posts elementor-posts--skin-classic elementor-grid\" role=\"list\">\n\t\t\t\t<article class=\"elementor-post elementor-grid-item post-632 post type-post status-publish format-standard has-post-thumbnail hentry category-uncategorized\" role=\"listitem\">\n\t\t\t\t<a class=\"elementor-post__thumbnail__link\" href=\"https:\/\/ferenczbutor.hu\/index.php\/2026\/08\/21\/egyedi-konyhabutor-tervezese-10-dontes-a-jo-vegeredmenyhez\/\" tabindex=\"-1\" >\n\t\t\t<div class=\"elementor-post__thumbnail\"><img fetchpriority=\"high\" decoding=\"async\" width=\"768\" height=\"1024\" src=\"https:\/\/ferenczbutor.hu\/wp-content\/uploads\/2025\/08\/1-min-768x1024.jpeg\" class=\"attachment-medium_large size-medium_large wp-image-361\" alt=\"\" srcset=\"https:\/\/ferenczbutor.hu\/wp-content\/uploads\/2025\/08\/1-min-768x1024.jpeg 768w, https:\/\/ferenczbutor.hu\/wp-content\/uploads\/2025\/08\/1-min-225x300.jpeg 225w, https:\/\/ferenczbutor.hu\/wp-content\/uploads\/2025\/08\/1-min-1152x1536.jpeg 1152w, https:\/\/ferenczbutor.hu\/wp-content\/uploads\/2025\/08\/1-min-1536x2048.jpeg 1536w, https:\/\/ferenczbutor.hu\/wp-content\/uploads\/2025\/08\/1-min-scaled.jpeg 1920w\" sizes=\"(max-width: 768px) 100vw, 768px\" \/><\/div>\n\t\t<\/a>\n\t\t\t\t<div class=\"elementor-post__text\">\n\t\t\t\t<h3 class=\"elementor-post__title\">\n\t\t\t<a href=\"https:\/\/ferenczbutor.hu\/index.php\/2026\/08\/21\/egyedi-konyhabutor-tervezese-10-dontes-a-jo-vegeredmenyhez\/\" >\n\t\t\t\tEgyedi konyhab\u00fator tervez\u00e9se: 10 d\u00f6nt\u00e9s a j\u00f3 v\u00e9geredm\u00e9nyhez\t\t\t<\/a>\n\t\t<\/h3>\n\t\t\t\t<div class=\"elementor-post__meta-data\">\n\t\t\t\t\t<span class=\"elementor-post-date\">\n\t\t\taugusztus 21, 2026\t\t<\/span>\n\t\t\t\t<\/div>\n\t\t\t\t<div class=\"elementor-post__excerpt\">\n\t\t\t<p>R\u00f6viden: A b\u00fatortervet a g\u00e9p\u00e9szeti ki\u00e1ll\u00e1sok \u00e9s a burkol\u00e1s v\u00e9gleges\u00edt\u00e9se el\u0151tt \u00e9rdemes elk\u00e9sz\u00edteni, \u00edgy a helyis\u00e9g alkalmazkodhat a j\u00f3 elrendez\u00e9shez. 1. Munkafolyamat \u00e9s z\u00f3n\u00e1k Gondold<\/p>\n\t\t<\/div>\n\t\t\n\t\t<a class=\"elementor-post__read-more\" href=\"https:\/\/ferenczbutor.hu\/index.php\/2026\/08\/21\/egyedi-konyhabutor-tervezese-10-dontes-a-jo-vegeredmenyhez\/\" aria-label=\"Read more about Egyedi konyhab\u00fator tervez\u00e9se: 10 d\u00f6nt\u00e9s a j\u00f3 v\u00e9geredm\u00e9nyhez\" tabindex=\"-1\" >\n\t\t\tTov\u00e1bb olvasom \u2192\t\t<\/a>\n\n\t\t\t\t<\/div>\n\t\t\t\t<\/article>\n\t\t\t\t<article class=\"elementor-post elementor-grid-item post-630 post type-post status-publish format-standard hentry category-uncategorized\" role=\"listitem\">\n\t\t\t\t<div class=\"elementor-post__text\">\n\t\t\t\t<h3 class=\"elementor-post__title\">\n\t\t\t<a href=\"https:\/\/ferenczbutor.hu\/index.php\/2026\/08\/21\/mennyibe-kerul-egy-egyedi-szekreny-az-arat-alakito-tenyezok\/\" >\n\t\t\t\tMennyibe ker\u00fcl egy egyedi szekr\u00e9ny? Az \u00e1rat alak\u00edt\u00f3 t\u00e9nyez\u0151k\t\t\t<\/a>\n\t\t<\/h3>\n\t\t\t\t<div class=\"elementor-post__meta-data\">\n\t\t\t\t\t<span class=\"elementor-post-date\">\n\t\t\taugusztus 21, 2026\t\t<\/span>\n\t\t\t\t<\/div>\n\t\t\t\t<div class=\"elementor-post__excerpt\">\n\t\t\t<p>R\u00f6viden: Korrekt \u00f6sszehasonl\u00edt\u00e1st csak azonos m\u00e9ret, azonos anyagok, azonos vasalatok \u00e9s azonos szolg\u00e1ltat\u00e1si tartalom mellett lehet k\u00e9sz\u00edteni. M\u00e9ret \u00e9s tagol\u00e1s A nagyobb b\u00fator t\u00f6bb alapanyagot<\/p>\n\t\t<\/div>\n\t\t\n\t\t<a class=\"elementor-post__read-more\" href=\"https:\/\/ferenczbutor.hu\/index.php\/2026\/08\/21\/mennyibe-kerul-egy-egyedi-szekreny-az-arat-alakito-tenyezok\/\" aria-label=\"Read more about Mennyibe ker\u00fcl egy egyedi szekr\u00e9ny? Az \u00e1rat alak\u00edt\u00f3 t\u00e9nyez\u0151k\" tabindex=\"-1\" >\n\t\t\tTov\u00e1bb olvasom \u2192\t\t<\/a>\n\n\t\t\t\t<\/div>\n\t\t\t\t<\/article>\n\t\t\t\t<article class=\"elementor-post elementor-grid-item post-628 post type-post status-publish format-standard hentry category-uncategorized\" role=\"listitem\">\n\t\t\t\t<div class=\"elementor-post__text\">\n\t\t\t\t<h3 class=\"elementor-post__title\">\n\t\t\t<a href=\"https:\/\/ferenczbutor.hu\/index.php\/2026\/08\/21\/gardrobszekreny-belso-elrendezese-praktikus-tervezesi-utmutato\/\" >\n\t\t\t\tGardr\u00f3bszekr\u00e9ny bels\u0151 elrendez\u00e9se: praktikus tervez\u00e9si \u00fatmutat\u00f3\t\t\t<\/a>\n\t\t<\/h3>\n\t\t\t\t<div class=\"elementor-post__meta-data\">\n\t\t\t\t\t<span class=\"elementor-post-date\">\n\t\t\taugusztus 21, 2026\t\t<\/span>\n\t\t\t\t<\/div>\n\t\t\t\t<div class=\"elementor-post__excerpt\">\n\t\t\t<p>R\u00f6viden: K\u00e9sz\u00edts t\u00e1rol\u00e1si lelt\u00e1rt, oszd napi \u00e9s szezon\u00e1lis z\u00f3n\u00e1kra a szekr\u00e9nyt, majd a ruhat\u00edpusokhoz v\u00e1lassz polcot, fi\u00f3kot, akaszt\u00f3t vagy kih\u00fazhat\u00f3 kieg\u00e9sz\u00edt\u0151t. Kezdd a ruhat\u00e1r felm\u00e9r\u00e9s\u00e9vel<\/p>\n\t\t<\/div>\n\t\t\n\t\t<a class=\"elementor-post__read-more\" href=\"https:\/\/ferenczbutor.hu\/index.php\/2026\/08\/21\/gardrobszekreny-belso-elrendezese-praktikus-tervezesi-utmutato\/\" aria-label=\"Read more about Gardr\u00f3bszekr\u00e9ny bels\u0151 elrendez\u00e9se: praktikus tervez\u00e9si \u00fatmutat\u00f3\" tabindex=\"-1\" >\n\t\t\tTov\u00e1bb olvasom \u2192\t\t<\/a>\n\n\t\t\t\t<\/div>\n\t\t\t\t<\/article>\n\t\t\t\t<article class=\"elementor-post elementor-grid-item post-626 post type-post status-publish format-standard hentry category-uncategorized\" role=\"listitem\">\n\t\t\t\t<div class=\"elementor-post__text\">\n\t\t\t\t<h3 class=\"elementor-post__title\">\n\t\t\t<a href=\"https:\/\/ferenczbutor.hu\/index.php\/2026\/08\/21\/toloajtos-szekreny-kisokos-a-tervezestol-a-beepitesig\/\" >\n\t\t\t\tTol\u00f3ajt\u00f3s szekr\u00e9ny kisokos: a tervez\u00e9st\u0151l a be\u00e9p\u00edt\u00e9sig\t\t\t<\/a>\n\t\t<\/h3>\n\t\t\t\t<div class=\"elementor-post__meta-data\">\n\t\t\t\t\t<span class=\"elementor-post-date\">\n\t\t\taugusztus 21, 2026\t\t<\/span>\n\t\t\t\t<\/div>\n\t\t\t\t<div class=\"elementor-post__excerpt\">\n\t\t\t<p>R\u00f6viden: A tol\u00f3ajt\u00f3 el\u0151tti helyig\u00e9ny kicsi, a szerkezet azonban elvesz valamennyit a hasznos bels\u0151 m\u00e9lys\u00e9gb\u0151l, \u00e9s egyszerre csak egy szekr\u00e9nyr\u00e9szhez enged hozz\u00e1f\u00e9r\u00e9st. Mikor el\u0151ny\u00f6s a<\/p>\n\t\t<\/div>\n\t\t\n\t\t<a class=\"elementor-post__read-more\" href=\"https:\/\/ferenczbutor.hu\/index.php\/2026\/08\/21\/toloajtos-szekreny-kisokos-a-tervezestol-a-beepitesig\/\" aria-label=\"Read more about Tol\u00f3ajt\u00f3s szekr\u00e9ny kisokos: a tervez\u00e9st\u0151l a be\u00e9p\u00edt\u00e9sig\" tabindex=\"-1\" >\n\t\t\tTov\u00e1bb olvasom \u2192\t\t<\/a>\n\n\t\t\t\t<\/div>\n\t\t\t\t<\/article>\n\t\t\t\t<article class=\"elementor-post elementor-grid-item post-624 post type-post status-publish format-standard hentry category-uncategorized\" role=\"listitem\">\n\t\t\t\t<div class=\"elementor-post__text\">\n\t\t\t\t<h3 class=\"elementor-post__title\">\n\t\t\t<a href=\"https:\/\/ferenczbutor.hu\/index.php\/2026\/08\/21\/beepitett-szekreny-tervezese-igy-lesz-minden-centi-hasznos\/\" >\n\t\t\t\tBe\u00e9p\u00edtett szekr\u00e9ny tervez\u00e9se: \u00edgy lesz minden centi hasznos\t\t\t<\/a>\n\t\t<\/h3>\n\t\t\t\t<div class=\"elementor-post__meta-data\">\n\t\t\t\t\t<span class=\"elementor-post-date\">\n\t\t\taugusztus 21, 2026\t\t<\/span>\n\t\t\t\t<\/div>\n\t\t\t\t<div class=\"elementor-post__excerpt\">\n\t\t\t<p>R\u00f6viden: El\u0151sz\u00f6r a t\u00e1roland\u00f3 t\u00e1rgyakat \u00e9s a haszn\u00e1lati gyakoris\u00e1got tervezd meg, \u00e9s csak ezut\u00e1n oszd fel polcokra, fi\u00f3kokra \u00e9s akaszt\u00f3s r\u00e9szekre a rendelkez\u00e9sre \u00e1ll\u00f3 helyet.<\/p>\n\t\t<\/div>\n\t\t\n\t\t<a class=\"elementor-post__read-more\" href=\"https:\/\/ferenczbutor.hu\/index.php\/2026\/08\/21\/beepitett-szekreny-tervezese-igy-lesz-minden-centi-hasznos\/\" aria-label=\"Read more about Be\u00e9p\u00edtett szekr\u00e9ny tervez\u00e9se: \u00edgy lesz minden centi hasznos\" tabindex=\"-1\" >\n\t\t\tTov\u00e1bb olvasom \u2192\t\t<\/a>\n\n\t\t\t\t<\/div>\n\t\t\t\t<\/article>\n\t\t\t\t<article class=\"elementor-post elementor-grid-item post-622 post type-post status-publish format-standard hentry category-uncategorized\" role=\"listitem\">\n\t\t\t\t<div class=\"elementor-post__text\">\n\t\t\t\t<h3 class=\"elementor-post__title\">\n\t\t\t<a href=\"https:\/\/ferenczbutor.hu\/index.php\/2026\/08\/21\/egyedi-butor-keszites-lepesrol-lepesre-teljes-utmutato\/\" >\n\t\t\t\tEgyedi b\u00fator k\u00e9sz\u00edt\u00e9s l\u00e9p\u00e9sr\u0151l l\u00e9p\u00e9sre: teljes \u00fatmutat\u00f3\t\t\t<\/a>\n\t\t<\/h3>\n\t\t\t\t<div class=\"elementor-post__meta-data\">\n\t\t\t\t\t<span class=\"elementor-post-date\">\n\t\t\taugusztus 21, 2026\t\t<\/span>\n\t\t\t\t<\/div>\n\t\t\t\t<div class=\"elementor-post__excerpt\">\n\t\t\t<p>R\u00f6viden: A j\u00f3 egyedi b\u00fator a felm\u00e9r\u00e9s, a haszn\u00e1lati ig\u00e9nyek, a r\u00e9szletes terv, az \u00e1tl\u00e1that\u00f3 aj\u00e1nlat \u00e9s a prec\u00edz be\u00e9p\u00edt\u00e9s egym\u00e1sra \u00e9p\u00fcl\u0151 eredm\u00e9nye. 1. Az<\/p>\n\t\t<\/div>\n\t\t\n\t\t<a class=\"elementor-post__read-more\" href=\"https:\/\/ferenczbutor.hu\/index.php\/2026\/08\/21\/egyedi-butor-keszites-lepesrol-lepesre-teljes-utmutato\/\" aria-label=\"Read more about Egyedi b\u00fator k\u00e9sz\u00edt\u00e9s l\u00e9p\u00e9sr\u0151l l\u00e9p\u00e9sre: teljes \u00fatmutat\u00f3\" tabindex=\"-1\" >\n\t\t\tTov\u00e1bb olvasom \u2192\t\t<\/a>\n\n\t\t\t\t<\/div>\n\t\t\t\t<\/article>\n\t\t\t\t<\/div>\n\t\t\n\t\t\t\t\t\t<\/div>\n\t\t\t\t<\/div>\n\t\t\t\t\t<\/div>\n\t\t\t\t<\/div>\n\t\t\t\t<\/div>\n\t\t<div class=\"elementor-element elementor-element-4137838a e-con-full e-flex e-con e-parent\" data-id=\"4137838a\" data-element_type=\"container\" data-settings=\"{&quot;background_background&quot;:&quot;classic&quot;}\">\n\t\t<div class=\"elementor-element elementor-element-5c904cdd e-flex e-con-boxed e-con e-child\" data-id=\"5c904cdd\" data-element_type=\"container\">\n\t\t\t\t\t<div class=\"e-con-inner\">\n\t\t\t\t<div class=\"elementor-element elementor-element-4216b763 elementor-widget elementor-widget-heading\" data-id=\"4216b763\" data-element_type=\"widget\" data-widget_type=\"heading.default\">\n\t\t\t\t\t<h6 class=\"elementor-heading-title elementor-size-default\">Egyedi b\u00fatort tervezn\u00e9l?<\/h6>\t\t\t\t<\/div>\n\t\t\t\t<div class=\"elementor-element elementor-element-44ae5d28 ketoldali-cimsor-vonal elementor-widget elementor-widget-heading\" data-id=\"44ae5d28\" data-element_type=\"widget\" data-widget_type=\"heading.default\">\n\t\t\t\t\t<h2 class=\"elementor-heading-title elementor-size-default\">Val\u00f3s\u00edtsuk meg egy\u00fctt a te tol\u00f3ajt\u00f3s szekr\u00e9nyedet<\/h2>\t\t\t\t<\/div>\n\t\t\t\t<div class=\"elementor-element elementor-element-141f5560 elementor-align-center elementor-widget elementor-widget-button\" data-id=\"141f5560\" data-element_type=\"widget\" data-widget_type=\"button.default\">\n\t\t\t\t\t\t\t\t\t\t<a class=\"elementor-button elementor-button-link elementor-size-sm\" href=\"\/toloajtos-szekreny#konzultacio\">\n\t\t\t\t\t\t<span class=\"elementor-button-content-wrapper\">\n\t\t\t\t\t\t\t\t\t<span class=\"elementor-button-text\">K\u00e9rj ingyenes online konzult\u00e1ci\u00f3t!<\/span>\n\t\t\t\t\t<\/span>\n\t\t\t\t\t<\/a>\n\t\t\t\t\t\t\t\t<\/div>\n\t\t\t\t\t<\/div>\n\t\t\t\t<\/div>\n\t\t\t\t<\/div>\n\t\t\t\t<\/div>\n\t\t","protected":false},"excerpt":{"rendered":"<p>Ferencz B\u00fator blog Cikkek, \u00f6tletek \u00e9s \u00fatmutat\u00f3k T\u00e1rol\u00e1si tippek, tervez\u00e9si tan\u00e1csok \u00e9s inspir\u00e1ci\u00f3 az egyedi b\u00fatorok vil\u00e1g\u00e1b\u00f3l \u2013 hogy a te otthonod is a hely\u00e9re ker\u00fclj\u00f6n. Egyedi b\u00fatort tervezn\u00e9l? Val\u00f3s\u00edtsuk meg egy\u00fctt a te tol\u00f3ajt\u00f3s szekr\u00e9nyedet K\u00e9rj ingyenes online konzult\u00e1ci\u00f3t!<\/p>\n","protected":false},"author":1,"featured_media":0,"parent":0,"menu_order":0,"comment_status":"closed","ping_status":"closed","template":"","meta":{"footnotes":""},"class_list":["post-507","page","type-page","status-publish","hentry"],"_links":{"self":[{"href":"https:\/\/ferenczbutor.hu\/index.php\/wp-json\/wp\/v2\/pages\/507","targetHints":{"allow":["GET"]}}],"collection":[{"href":"https:\/\/ferenczbutor.hu\/index.php\/wp-json\/wp\/v2\/pages"}],"about":[{"href":"https:\/\/ferenczbutor.hu\/index.php\/wp-json\/wp\/v2\/types\/page"}],"author":[{"embeddable":true,"href":"https:\/\/ferenczbutor.hu\/index.php\/wp-json\/wp\/v2\/users\/1"}],"replies":[{"embeddable":true,"href":"https:\/\/ferenczbutor.hu\/index.php\/wp-json\/wp\/v2\/comments?post=507"}],"version-history":[{"count":4,"href":"https:\/\/ferenczbutor.hu\/index.php\/wp-json\/wp\/v2\/pages\/507\/revisions"}],"predecessor-version":[{"id":513,"href":"https:\/\/ferenczbutor.hu\/index.php\/wp-json\/wp\/v2\/pages\/507\/revisions\/513"}],"wp:attachment":[{"href":"https:\/\/ferenczbutor.hu\/index.php\/wp-json\/wp\/v2\/media?parent=507"}],"curies":[{"name":"wp","href":"https:\/\/api.w.org\/{rel}","templated":true}]}}